{"version":"1.0","provider_name":"DekorZ\u00f3na","provider_url":"https:\/\/dekorzona.cafeblog.hu","author_name":"Ildik\u00f3","author_url":"https:\/\/dekorzona.cafeblog.hu\/author\/czifra_ildiko\/","title":"D\u00f6nt\u00f6ttem: kezdem a null\u00e1r\u00f3l!","html":"Nem akartam senkit sem a h\u00e1tt\u00e9rrel trakt\u00e1lni, de \u00fagy t\u0171nik, musz\u00e1j helyretenni, hogy mi micsoda.\n\nPersze, ez teljesen jogos. Hiszen, ha m\u00e1t\u00f3l <em>Muci Juci<\/em>k\u00e1nak h\u00edvnak, akkor ezt el kell mondanom az \u00f6sszes ismer\u0151s\u00f6mnek, hogy tudjanak r\u00f3la. M\u00e1sk\u00e9pp nem m\u0171k\u00f6dik a dolog.\n\nEl\u0151re <strong>nagyon k\u00f6sz\u00f6n\u00f6m<\/strong> az aktivit\u00e1st <strong>Nektek, akik m\u00e1r<\/strong> az elm\u00falt h\u00e9ten<strong> \u00e1tj\u00f6ttetek<\/strong> az \u00faj oldalamra \u00e9s k\u00f6vetitek a tev\u00e9kenys\u00e9gemet.\n\n\u00c9s <strong>k\u00fcl\u00f6n k\u00f6sz\u00f6net az \u00fajaknak is<\/strong>, akik els\u0151re nem is tudt\u00e1k, hogy a <strong><em>Lakberm\u00e1nia<\/em> <\/strong>valaminek a folytat\u00e1sa.\n\nT\u00f6rt\u00e9nt ugyanis, hogy 2012-ben vezettem egy blogot <strong><em>Inspir\u00e1ci\u00f3k kom\u00f3dja<\/em><\/strong> n\u00e9ven. Ez amolyan sz\u00f3j\u00e1t\u00e9k volt, m\u00e1rmint a v\u00e9ge. Az jutott eszembe, hogy milyen j\u00f3 lesz, ha a k\u00e9pzeletbeli kom\u00f3d fi\u00f3kjait megt\u00f6lt\u00f6m egy csom\u00f3 \u00edr\u00e1ssal, k\u00e9pekkel, meg mindenf\u00e9le hasznos dologgal, aminek k\u00f6ze van a lakberendez\u00e9shez, azt\u00e1n majd megy mag\u00e1t\u00f3l a dolog: j\u00f6nnek a l\u00e1jkol\u00f3k, \u00edrj\u00e1k a jobbn\u00e1l-jobb hozz\u00e1sz\u00f3l\u00e1sokat, k\u00e9peket k\u00fcldenek saj\u00e1t alkot\u00e1sokr\u00f3l, k\u00e9rdeznek, megosztanak, stb.\n\nAzt\u00e1n nem \u00edgy lett.\n\nMivel am\u00fagy el\u00e9g maximalista vagyok, igen szigor\u00faan pr\u00f3b\u00e1lom magamat \u00e9rt\u00e9kelni. <em>Nem tetszett<\/em> a n\u00e9v, amit els\u0151re kital\u00e1ltam. Sokkal <em>kifejez\u0151bbre v\u00e1gytam<\/em>. Azt\u00e1n csak hagytam, m\u00e1r mindegy alapon, \"\u00e1\u00e1\u00e1, id\u0151vel majd jobb lesz, csak ki kell v\u00e1rni\". Meg \"bele kell r\u00e1z\u00f3dni az \u00edr\u00e1sba\", \"bele kell j\u00f6nni a posztol\u00e1sba\"...\n\nMeg m\u00e9g mibe nem?!\n\nHa r\u00e1g\u00f6rcs\u00f6l\u00f6k, nem megy. Azonnal akarom, nem tudok v\u00e1rni.\n\nNa, ezek komoly akad\u00e1lyt jelentettek\/jelentenek sz\u00e1momra az \u00c9let b\u00e1rmely ter\u00fclet\u00e9n...\n\nAzt\u00e1n - milyen ellentmond\u00e1sos - <em>id\u0151vel<\/em> elm\u00falt a <em>g\u00f6rcs<\/em>. \u00c9s <strong>kezdett beindulni<\/strong> a dolog. \u00cdgy <strong>\u00e9n is<\/strong> \u00fajra kezdtem beindulni.\n\nIsm\u00e9t elkezdett a m\u00e1sik sz\u00e1l gondolata motoszk\u00e1lni bennem. Ennek k\u00f6vetkezt\u00e9ben egy sz\u00e9p t\u00e9li este megsz\u00fcletett a <strong><em>Lakberm\u00e1nia<\/em><\/strong>. Ez igaz\u00e1n kifejezi azt, amit t\u00f6bbnyire \"szeg\u00e9ny\" csal\u00e1dommal m\u0171velek n\u00e9ha... :) El tudj\u00e1tok k\u00e9pzelni? Ez a m\u00e1nia sz\u00f3 el\u00e9g tal\u00e1l\u00f3 lett.\n\nA sz\u00f3t\u00e1r szerint a jelent\u00e9se <em>r\u00f6geszme, h\u00f3bort, kiv\u00e1lt\u00f3 oka \u00e1ltal\u00e1ban a f\u00fcgg\u0151s\u00e9g<\/em>. Az egy\u00e9b orvosi megk\u00f6zel\u00edt\u00e9seket most ink\u00e1bb mell\u0151zn\u00e9m, att\u00f3l is ink\u00e1bb, mert b\u00e1rmennyire is m\u00e1ni\u00e1s vagyok, nem s\u00farolom a klinikai esetek hat\u00e1rait... :)\n\n\u00c9s ilyen m\u00e1ni\u00e1kusan szeretn\u00e9m azt is, hogy <strong>senki ne maradjon le az \u00faj tartalomr\u00f3l<\/strong>, sem a blogon, sem pedig a <a href=\"http:\/\/www.facebook.com\/Lakbermania?ref=hl\" target=\"_blank\"><strong>Facebook-oldalon<\/strong><\/a>. Ez\u00e9rt k\u00e9rem minden nap, hogy k\u00f6vessetek a meg\u00fajult oldalon.\n\n\u0150szint\u00e9n sz\u00f3lva, ha egy hasonsz\u0151r\u0171 bloggerrel megosztom, hogy mire k\u00e9sz\u00fcl\u00f6k, biztos lebesz\u00e9lt volna r\u00f3la, pont az\u00e9rt, amit\u0151l most annyira szenvedek. Hi\u00e1nyoztok, hogy nem vagytok velem, nem akarok m\u00e9g egy \u00e9vig a \"falnak\" besz\u00e9lni!\n\n\u00daj \u00e9v - \u00faj \u00e9let. Tartj\u00e1k sokan.\n\nTeszik a fogadalmakat, amiket azt\u00e1n persze nem tartanak be.\n\n\u00c9n fogadalmak helyett \u00fagy d\u00f6nt\u00f6ttem, hogy \u00fajb\u00f3l kezdem.\n\n\u00daj n\u00e9ven, \u00faj <a href=\"http:\/\/www.facebook.com\/Lakbermania?ref=hl\" target=\"_blank\"><strong>Facebook-oldallal<\/strong><\/a>.\n\n\u00c9s ne feledj\u00e9tek, nagyon v\u00e1rlak benneteket!\n\n<a href=\"https:\/\/lakbermania.cafeblog.hu\/files\/2012\/12\/post-sign2.png\"><img class=\"aligncenter size-full wp-image-3003\" title=\"lakberendez\u0151 Sz\u00e9kesfeh\u00e9rv\u00e1r\" src=\"https:\/\/lakbermania.cafeblog.hu\/files\/2012\/12\/post-sign2.png\" alt=\"lakberendezo_szekesfehervar\" width=\"73\" height=\"34\" \/><\/a>","type":"rich","thumbnail_url":"https:\/\/dekorzona.cafeblog.hu\/files\/2013\/01\/harmat-150x150.jpg","thumbnail_width":150,"thumbnail_height":150}